{"id":615,"date":"2022-12-01T10:13:39","date_gmt":"2022-12-01T09:13:39","guid":{"rendered":"http:\/\/17.demooo.pl\/privacy-policy-and-cookies\/"},"modified":"2023-09-26T14:46:35","modified_gmt":"2023-09-26T12:46:35","slug":"privacy-policy-and-cookies","status":"publish","type":"page","link":"https:\/\/mag-instal.com\/en\/privacy-policy-and-cookies\/","title":{"rendered":"Privacy Policy and Cookies"},"content":{"rendered":"<style>.kadence-column_710552-db > .kt-inside-inner-col{padding-top:60px;padding-bottom:40px;}.kadence-column_710552-db > .kt-inside-inner-col,.kadence-column_710552-db > .kt-inside-inner-col:before{border-top-left-radius:0px;border-top-right-radius:0px;border-bottom-right-radius:0px;border-bottom-left-radius:0px;}.kadence-column_710552-db > .kt-inside-inner-col{column-gap:var(--global-kb-gap-sm, 1rem);}.kadence-column_710552-db > .kt-inside-inner-col{flex-direction:column;}.kadence-column_710552-db > .kt-inside-inner-col > .aligncenter{width:100%;}.kadence-column_710552-db > .kt-inside-inner-col:before{opacity:0.3;}.kadence-column_710552-db{position:relative;}@media all and (max-width: 1024px){.kadence-column_710552-db > .kt-inside-inner-col{flex-direction:column;justify-content:center;}}@media all and (max-width: 767px){.kadence-column_710552-db > .kt-inside-inner-col{flex-direction:column;justify-content:center;}}<\/style>\n<div class=\"wp-block-kadence-column kadence-column_710552-db inner-column-1 Container\"><div class=\"kt-inside-inner-col\"><style>.wp-block-kadence-advancedheading.kt-adv-heading_ffe16e-5c, .wp-block-kadence-advancedheading.kt-adv-heading_ffe16e-5c[data-kb-block=\"kb-adv-heading_ffe16e-5c\"]{font-style:normal;}.wp-block-kadence-advancedheading.kt-adv-heading_ffe16e-5c mark.kt-highlight, .wp-block-kadence-advancedheading.kt-adv-heading_ffe16e-5c[data-kb-block=\"kb-adv-heading_ffe16e-5c\"] mark.kt-highlight{font-style:normal;color:#f76a0c;-webkit-box-decoration-break:clone;box-decoration-break:clone;padding-top:0px;padding-right:0px;padding-bottom:0px;padding-left:0px;}.wp-block-kadence-advancedheading.kt-adv-heading_ffe16e-5c img.kb-inline-image, .wp-block-kadence-advancedheading.kt-adv-heading_ffe16e-5c[data-kb-block=\"kb-adv-heading_ffe16e-5c\"] img.kb-inline-image{width:150px;vertical-align:baseline;}<\/style>\n<h1 class=\"kt-adv-heading_ffe16e-5c wp-block-kadence-advancedheading\" data-kb-block=\"kb-adv-heading_ffe16e-5c\">Privacy Policy and Cookies<\/h1>\n\n\n\n<p>Nasza Polityka Prywatno\u015bci okre\u015bla zasady ochrony danych osobowych U\u017cytkownik\u00f3w korzystaj\u0105cych ze\u00a0strony internetowej\u00a0 <a href=\"http:\/\/www.mag-instal.com\/\" target=\"_blank\" rel=\"noreferrer noopener nofollow\">www.mag-instal.com<\/a><\/p>\n\n\n\n<p>Administrator o\u015bwiadcza, \u017ce&nbsp;przetwarza dane osobowe U\u017cytkownik\u00f3w zgodnie z&nbsp;(RODO) Rozporz\u0105dzeniem Parlamentu Europejskiego i&nbsp;Rady (UE) 2016\/679 z&nbsp;dnia 27 kwietnia 2016 r. w&nbsp;sprawie ochrony os\u00f3b fizycznych w&nbsp;zwi\u0105zku z&nbsp;przetwarzaniem danych osobowych oraz&nbsp;o&nbsp;swobodnym przep\u0142ywie danych osobowych.<\/p>\n\n\n\n<p>Brak akceptacji niniejszej Polityki Prywatno\u015bci umo\u017cliwia korzystanie ze&nbsp;Strony, ale&nbsp;uniemo\u017cliwia&nbsp;pozostawienie swoich danych osobowych i&nbsp;\u015bwiadczenie us\u0142ugi. Wycofanie zgody nie&nbsp;b\u0119dzie mia\u0142o wp\u0142ywu na&nbsp;zgodno\u015b\u0107 z&nbsp;prawem przetwarzania na&nbsp;podstawie zgody, przed&nbsp;jej wycofaniem.<\/p>\n\n\n\n<h2 class=\"wp-block-heading\">Kto administruje Twoimi danymi?<\/h2>\n\n\n\n<p>Administratorem Danych Osobowych U\u017cytkownik\u00f3w jest Mag Instal Group Sp\u00f3\u0142ka z Ograniczon\u0105 Odpowiedzialno\u015bci\u0105 ,ul. Wawrzyniaka 5, 63-020 Zaniemy\u015bl, Polska, numer NIP: 786-17-28-103 KRS:0000993043 zwany dalej Administratorem.<\/p>\n\n\n\n<h2 class=\"wp-block-heading\">O&nbsp;jakich danych m\u00f3wimy?<\/h2>\n\n\n\n<p><strong>Chodzi o&nbsp;dane osobowe, kt\u00f3re zbieramy i&nbsp;przetwarzamy:<br><\/strong>Imi\u0119 i&nbsp;nazwisko, adres e-mail, numer telefonu, dane rejestrowe firmy.<\/p>\n\n\n\n<p><strong>Dane w&nbsp;newsletterze<br><\/strong>Subskrypcja newslettera wymaga podania w&nbsp;formularzu imienia i&nbsp;adresu e-mail. Pola te&nbsp;s\u0105&nbsp;obowi\u0105zkowe. Uzyskane w&nbsp;ten spos\u00f3b dane s\u0105&nbsp;dodawane do&nbsp;listy mailingowej.<\/p>\n\n\n\n<h2 class=\"wp-block-heading\">Dlaczego chcemy przetwarza\u0107 Twoje&nbsp;dane?<\/h2>\n\n\n\n<p>Dane osobowe U\u017cytkownika przetwarzane s\u0105&nbsp;w&nbsp;celu:<\/p>\n\n\n\n<ol class=\"wp-block-list\">\n<li>Zawarcia i&nbsp;wykonania umowy o&nbsp;\u015bwiadczenie us\u0142ugi drog\u0105 elektroniczn\u0105 \u2013 w&nbsp;przypadku, gdy&nbsp;U\u017cytkownik korzysta z&nbsp;takich us\u0142ug.<\/li>\n\n\n\n<li>Udzielenia odpowiedzi na&nbsp;wiadomo\u015bci wys\u0142ane poprzez formularz ze&nbsp;Strony.<\/li>\n\n\n\n<li>Przesy\u0142ania informacji i&nbsp;ofert marketingowych, ankiet, zaprosze\u0144 oraz&nbsp;prowadzenia korespondencji za&nbsp;pomoc\u0105 poczty e-mail, wiadomo\u015bci SMS, wiadomo\u015bci RCS, powiadomie\u0144 WEBPUSH, po\u0142\u0105cze\u0144 telefonicznych lub przesy\u0142ek poczt\u0105 tradycyjn\u0105.<\/li>\n\n\n\n<li>Profilowania, kt\u00f3re pomaga dostosowa\u0107 komunikaty i&nbsp;oferty wg&nbsp;zainteresowa\u0144 U\u017cytkownika.<\/li>\n<\/ol>\n\n\n\n<p>Przekazanie danych osobowych jest dobrowolne, &nbsp;jednak warunkuje zawarcie umowy o&nbsp;\u015bwiadczenie us\u0142ug drog\u0105 elektroniczn\u0105. U\u017cytkownik nie&nbsp;podaj\u0105c danych osobowych traci mo\u017cliwo\u015b\u0107 \u015bwiadczenia us\u0142ug przez&nbsp;Administratora.<\/p>\n\n\n\n<p>Dane osobowe, na&nbsp;podstawie odr\u0119bnej zgody, mo\u017cemy wykorzysta\u0107 tak\u017ce do&nbsp;innych cel\u00f3w. W&nbsp;takim przypadku cele te&nbsp;s\u0105&nbsp;zawsze okre\u015blone w&nbsp;tre\u015bci zgody.<\/p>\n\n\n\n<p>U\u017cytkownik dobrowolnie decyduje o&nbsp;otrzymywaniu tre\u015bci marketingowych. Brak podania danych osobowych w&nbsp;celach marketingowych skutkuje brakiem otrzymywania tych tre\u015bci.<\/p>\n\n\n\n<h2 class=\"wp-block-heading\">Jakie s\u0105&nbsp;podstawy prawne przetwarzania Twoich&nbsp;danych?<\/h2>\n\n\n\n<p>Podstaw\u0105 prawn\u0105 przetwarzania danych osobowych U\u017cytkownik\u00f3w jest:<\/p>\n\n\n\n<ol class=\"wp-block-list\">\n<li>Wymagalno\u015b\u0107 przetwarzania danych w&nbsp;celu zawarcia i&nbsp;wykonania umowy o&nbsp;\u015bwiadczenie us\u0142ugi drog\u0105 elektroniczn\u0105.<\/li>\n\n\n\n<li>Prawnie uzasadniony interes Administratora, polegaj\u0105cy na&nbsp;obs\u0142udze korespondencji i&nbsp;udzieleniu odpowiedzi na&nbsp;przesy\u0142ane wiadomo\u015bci.<\/li>\n\n\n\n<li>W&nbsp;przypadku, w&nbsp;kt\u00f3rym&nbsp;U\u017cytkownik wyrazi ch\u0119\u0107 otrzymywania tre\u015bci marketingowych dotycz\u0105cych Administratora \u2013 niezb\u0119dno\u015b\u0107 przetwarzania danych do&nbsp;realizacji cel\u00f3w wynikaj\u0105cych z&nbsp;prawnie uzasadnionych interes\u00f3w realizowanych przez&nbsp;Administratora, tj.&nbsp;do&nbsp;realizacji dzia\u0142a\u0144 marketingowych dotycz\u0105cych Administratora.<\/li>\n\n\n\n<li>Administrator nie&nbsp;przewiduje przekazywania danych osobowych do&nbsp;pa\u0144stwa trzeciego.<\/li>\n<\/ol>\n\n\n\n<h2 class=\"wp-block-heading\">W&nbsp;jakim okresie przechowujemy Twoje&nbsp;dane?<\/h2>\n\n\n\n<ol class=\"wp-block-list\">\n<li>Dane osobowe przechowujemy przez&nbsp;okres korzystania przez&nbsp;U\u017cytkownika z&nbsp;naszych us\u0142ug. Po&nbsp;zaprzestaniu korzystania z&nbsp;us\u0142ug, dane osobowe U\u017cytkownika w&nbsp;zakresie: imi\u0119, nazwisko, adres e-mail, nr&nbsp;telefonu, b\u0119d\u0105 przechowywane jeszcze przez&nbsp;okres 2 lat dla cel\u00f3w rozpatrywania skarg oraz&nbsp;roszcze\u0144 zwi\u0105zanych z&nbsp;korzystaniem z&nbsp;tych us\u0142ug.<\/li>\n\n\n\n<li>Dane osobowe przetwarzane w&nbsp;celu udzielenia odpowiedzi na&nbsp;wiadomo\u015bci przes\u0142ane poprzez formularz kontaktowy \u2013 b\u0119d\u0105 przechowywane przez&nbsp;okres 2 lat od&nbsp;ka\u017cdej otrzymanej wiadomo\u015bdci.<\/li>\n<\/ol>\n\n\n\n<h2 class=\"wp-block-heading\">Twoje&nbsp;prawa U\u017cytkownika<\/h2>\n\n\n\n<p>U\u017cytkownik ma&nbsp;pe\u0142ne prawo decydowania, w&nbsp;jakim zakresie jego dane osobowe b\u0119d\u0105 wykorzystywane. U\u017cytkownikowi przys\u0142uguje prawo do:<\/p>\n\n\n\n<ul class=\"wp-block-list\">\n<li><strong>\u017c\u0105dania dost\u0119pu do&nbsp;swoich danych osobowych,<\/strong><\/li>\n\n\n\n<li><strong>ich sprostowania,<\/strong><\/li>\n\n\n\n<li><strong>usuni\u0119cia lub ograniczenia przetwarzania,<\/strong><\/li>\n\n\n\n<li><strong>przenoszenia danych,<\/strong><\/li>\n\n\n\n<li><strong>prawo do&nbsp;wniesienia w&nbsp;dowolnym momencie sprzeciwu<\/strong>&nbsp;<strong>wobec przetwarzania danych osobowych<\/strong>&nbsp;U\u017cytkownika, w&nbsp;tym profilowania i&nbsp;marketingu bezpo\u015bredniego,<\/li>\n\n\n\n<li><strong>cofni\u0119cia zgody na&nbsp;przetwarzanie danych osobowych<\/strong>&nbsp;w&nbsp;dowolnym momencie, je\u015bli na&nbsp;jej podstawie odbywa si\u0119 przetwarzanie danych osobowych U\u017cytkownika; cofni\u0119cie zgody nie&nbsp;wp\u0142ywa na&nbsp;zgodno\u015b\u0107 z&nbsp;prawem przetwarzania, kt\u00f3rego&nbsp;dokonano na&nbsp;podstawie tej&nbsp;zgody przed&nbsp;jej wycofaniem,<\/li>\n\n\n\n<li><strong>wniesienia skargi&nbsp;<\/strong>do&nbsp;organu nadzorczego, tj.&nbsp;Prezesa Urz\u0119du Ochrony Danych Osobowych.<\/li>\n<\/ul>\n\n\n\n<p>U\u017cytkownik mo\u017ce w&nbsp;dowolnym momencie wycofa\u0107 zgod\u0119 na&nbsp;przesy\u0142anie mu&nbsp;tre\u015bci marketingowych. Wystarczy skorzysta\u0107 z&nbsp;mechanizm\u00f3w dost\u0119pnych przy tre\u015bciach marketingowych np.&nbsp;klikni\u0119cie w&nbsp;link wypisuj\u0105cy lub poprzez kontakt z&nbsp;Administratorem.<\/p>\n\n\n\n<h2 class=\"wp-block-heading\">Komu&nbsp;przekazujemy Twoje&nbsp;dane osobowe?<\/h2>\n\n\n\n<p>Administrator zbieraj\u0105c dane osobowe umo\u017cliwia bezpo\u015bredni dost\u0119p jedynie upowa\u017cnionym Pracownikom, Podwykonawcom i&nbsp;Podmiotom \u015bwiadcz\u0105cych us\u0142ugi na&nbsp;rzecz Administratora (tj.&nbsp;us\u0142ugi ksi\u0119gowe, prawne, audytowe, IT i&nbsp;wsparcia technicznego) i&nbsp;jedynie w&nbsp;zakresie niezb\u0119dnym dla realizacji us\u0142ug zleconych przez&nbsp;Administratora.<\/p>\n\n\n\n<p>Dane osobowe U\u017cytkownik\u00f3w mog\u0105 by\u0107 przekazane podmiotom uprawnionym do&nbsp;ich otrzymania na&nbsp;mocy obowi\u0105zuj\u0105cych przepis\u00f3w prawa, a&nbsp;w&nbsp;szczeg\u00f3lno\u015bci w\u0142a\u015bciwym organom wymiaru sprawiedliwo\u015bci lub organom \u015bcigania.<\/p>\n\n\n\n<p>Twoje&nbsp;dane osobowe, co&nbsp;do&nbsp;zasady nie&nbsp;s\u0105&nbsp;przekazywane poza obszar EOG (Europejski Obszar Gospodarczy). Przekazanie Twoich&nbsp;danych osobowych poza obszar EOG mo\u017ce jednak nast\u0105pi\u0107, gdy&nbsp;b\u0119dzie to&nbsp;konieczne w&nbsp;celu zrealizowania Twojej&nbsp;us\u0142ugi, w&nbsp;tym sytuacji, gdy&nbsp;realizacja us\u0142ugi b\u0119dzie wymaga\u0142a udzia\u0142u Podwykonawc\u00f3w posiadaj\u0105cych siedziby poza obszarem EOG.<\/p>\n\n\n\n<h2 class=\"wp-block-heading\">Zabezpieczenia<\/h2>\n\n\n\n<p>Dane osobowe s\u0105&nbsp;przechowywane w&nbsp;bazie danych, w&nbsp;kt\u00f3rej&nbsp;zastosowano \u015brodki techniczne i&nbsp;organizacyjne zapewniaj\u0105ce ochron\u0119 przetwarzanych danych adekwatne do&nbsp;wa\u017cno\u015bci przechowywanych danych osobowych zgodnie z&nbsp;bran\u017cowymi standardami i&nbsp;wytycznymi odpowiednich urz\u0119d\u00f3w, a&nbsp;w&nbsp;szczeg\u00f3lno\u015bci z&nbsp;RODO.<\/p>\n\n\n\n<h2 class=\"wp-block-heading\">Pliki Cookies<\/h2>\n\n\n\n<p>Strona u\u017cywa plik\u00f3w cookie, czyli niewielkie informacje tekstowe przechowywane na&nbsp;Twoim komputerze, tablecie lub smartfonie. &nbsp;Zapisywane s\u0105&nbsp;one przez&nbsp;serwer na&nbsp;komputerze osoby odwiedzaj\u0105cej Stron\u0119. Administrator uzyskuje dost\u0119p do&nbsp;informacji w&nbsp;nich zawartych w&nbsp;celach statystycznych oraz&nbsp;w&nbsp;celu zapewnienia prawid\u0142owego dzia\u0142ania Strony.<\/p>\n\n\n\n<p>Administrator przetwarza pliki cookies w&nbsp;celu:<\/p>\n\n\n\n<ul class=\"wp-block-list\">\n<li>identyfikacji U\u017cytkownika i&nbsp;logowania<\/li>\n\n\n\n<li>dostosowywania informacji i&nbsp;wygl\u0105du Strony do&nbsp;indywidualnych preferencji<\/li>\n\n\n\n<li>prowadzenia statystyk, kt\u00f3re s\u0105&nbsp;anonimowe.<\/li>\n<\/ul>\n\n\n\n<p>Przegl\u0105darki internetowe domy\u015blnie przechowuj\u0105 pliki \u201ecookies\u201d w&nbsp;urz\u0105dzeniu ko\u0144cowym U\u017cytkownika. Mo\u017cesz ograniczy\u0107 lub wy\u0142\u0105czy\u0107 dost\u0119p plik\u00f3w cookies w&nbsp;ustawieniach przegl\u0105darki. W&nbsp;przypadku skorzystania z&nbsp;tej&nbsp;opcji niekt\u00f3re funkcje mog\u0105 by\u0107 ograniczone lub niedost\u0119pne.<\/p>\n\n\n\n<p>Administrator gromadzi adresy IP odwiedzaj\u0105cych Stron\u0119, kt\u00f3re s\u0105&nbsp;przydatne podczas diagnozowania problem\u00f3w technicznych z&nbsp;serwerem, tworzeniu analiz statystycznych lub weryfikacji lokalizacji u\u017cytkownika zar\u00f3wno prawdziwego jak i&nbsp;bot\u00f3w internetowych.<\/p>\n\n\n\n<h2 class=\"wp-block-heading\">Cookies innych podmiot\u00f3w<\/h2>\n\n\n\n<p>Administrator korzysta z&nbsp;us\u0142ug podmiot\u00f3w trzecich w&nbsp;zakresie statystyk, ulepszania i&nbsp;analizy Strony. Podmioty trzecie wykorzystuj\u0105 pliki cookie i&nbsp;s\u0105&nbsp;stosowane przez&nbsp;takie podmioty jak Google, Facebook, Hotjar, YouTube, Twitter, Instagram, Vimeo,&nbsp; GetResponse. Nasza Polityka Prywatno\u015bci nie&nbsp;reguluje zasad wykorzystania plik\u00f3w cookies przez&nbsp;podmioty trzecie.<\/p>\n\n\n\n<h2 class=\"wp-block-heading\">Kontakt z&nbsp;naszym Inspektorem Danych Osobowych<\/h2>\n\n\n\n<p>Inspektorem ochrony danych jest Pan Przemys\u0142aw Bazanowski. Wszelkie pytania zwi\u0105zane z&nbsp;Polityk\u0105 Prywatno\u015bci i&nbsp;ochron\u0105 danych osobowych prosimy kierowa\u0107 do<\/p>\n\n\n\n<ul class=\"wp-block-list\">\n<li>na&nbsp;e-mail:&nbsp;<a href=\"mailto:biuro@mag-instal.com\">biuro@mag-instal.com<\/a><\/li>\n\n\n\n<li>telefonicznie \u2013&nbsp;<a href=\"tel:791 955 864\">791 955 864<\/a><\/li>\n\n\n\n<li>listownie&nbsp;na adres: ul. Wawrzyniaka 5, 63-020 Zaniemy\u015bl, Polska.<\/li>\n<\/ul>\n\n\n\n<h2 class=\"wp-block-heading\">Zmiany i&nbsp;aktualizacja naszej Polityki Prywatno\u015bci<\/h2>\n\n\n\n<p>Administrator zastrzega sobie prawo do&nbsp;wprowadzania zmian w&nbsp;Polityce Prywatno\u015bci, o&nbsp;czym uprzednio poinformuje U\u017cytkownik\u00f3w. Zmiany zostan\u0105 opublikowane na&nbsp;niniejszej stronie.<\/p>\n\n\n\n<p>Ostatnia i&nbsp;aktualna wersja Polityki Prywatno\u015bci obowi\u0105zuje od&nbsp;dnia:<br>09.12.2022 r.<\/p>\n<\/div><\/div>\n","protected":false},"excerpt":{"rendered":"<p>Privacy Policy and Cookies Nasza Polityka Prywatno\u015bci okre\u015bla zasady ochrony danych osobowych U\u017cytkownik\u00f3w korzystaj\u0105cych ze\u00a0strony internetowej\u00a0 www.mag-instal.com Administrator o\u015bwiadcza, \u017ce&nbsp;przetwarza dane osobowe U\u017cytkownik\u00f3w zgodnie z&nbsp;(RODO) Rozporz\u0105dzeniem Parlamentu Europejskiego i&nbsp;Rady (UE) 2016\/679 z&nbsp;dnia 27 kwietnia 2016 r. w&nbsp;sprawie ochrony os\u00f3b fizycznych w&nbsp;zwi\u0105zku z&nbsp;przetwarzaniem danych osobowych oraz&nbsp;o&nbsp;swobodnym przep\u0142ywie danych osobowych. Brak akceptacji niniejszej Polityki Prywatno\u015bci umo\u017cliwia korzystanie [&hellip;]<\/p>\n","protected":false},"author":1,"featured_media":0,"parent":0,"menu_order":0,"comment_status":"closed","ping_status":"closed","template":"","meta":{"_acf_changed":false,"inline_featured_image":false,"_kad_blocks_custom_css":"","_kad_blocks_head_custom_js":"","_kad_blocks_body_custom_js":"","_kad_blocks_footer_custom_js":"","footnotes":""},"class_list":["post-615","page","type-page","status-publish","hentry"],"acf":[],"yoast_head":"<!-- This site is optimized with the Yoast SEO plugin v27.4 - https:\/\/yoast.com\/product\/yoast-seo-wordpress\/ -->\n<title>Privacy Policy and Cookies - Mag Instal<\/title>\n<meta name=\"robots\" content=\"noindex, nofollow\" \/>\n<meta property=\"og:locale\" content=\"en_US\" \/>\n<meta property=\"og:type\" content=\"article\" \/>\n<meta property=\"og:title\" content=\"Privacy Policy and Cookies - Mag Instal\" \/>\n<meta property=\"og:description\" content=\"Privacy Policy and Cookies Nasza Polityka Prywatno\u015bci okre\u015bla zasady ochrony danych osobowych U\u017cytkownik\u00f3w korzystaj\u0105cych ze\u00a0strony internetowej\u00a0 www.mag-instal.com Administrator o\u015bwiadcza, \u017ce&nbsp;przetwarza dane osobowe U\u017cytkownik\u00f3w zgodnie z&nbsp;(RODO) Rozporz\u0105dzeniem Parlamentu Europejskiego i&nbsp;Rady (UE) 2016\/679 z&nbsp;dnia 27 kwietnia 2016 r. w&nbsp;sprawie ochrony os\u00f3b fizycznych w&nbsp;zwi\u0105zku z&nbsp;przetwarzaniem danych osobowych oraz&nbsp;o&nbsp;swobodnym przep\u0142ywie danych osobowych. Brak akceptacji niniejszej Polityki Prywatno\u015bci umo\u017cliwia korzystanie [&hellip;]\" \/>\n<meta property=\"og:url\" content=\"https:\/\/mag-instal.com\/en\/privacy-policy-and-cookies\/\" \/>\n<meta property=\"og:site_name\" content=\"Mag Instal\" \/>\n<meta property=\"article:modified_time\" content=\"2023-09-26T12:46:35+00:00\" \/>\n<meta name=\"twitter:card\" content=\"summary_large_image\" \/>\n<meta name=\"twitter:label1\" content=\"Est. reading time\" \/>\n\t<meta name=\"twitter:data1\" content=\"5 minutes\" \/>\n<script type=\"application\/ld+json\" class=\"yoast-schema-graph\">{\"@context\":\"https:\\\/\\\/schema.org\",\"@graph\":[{\"@type\":\"WebPage\",\"@id\":\"https:\\\/\\\/mag-instal.com\\\/en\\\/privacy-policy-and-cookies\\\/\",\"url\":\"https:\\\/\\\/mag-instal.com\\\/en\\\/privacy-policy-and-cookies\\\/\",\"name\":\"Privacy Policy and Cookies - Mag Instal\",\"isPartOf\":{\"@id\":\"https:\\\/\\\/mag-instal.com\\\/#website\"},\"datePublished\":\"2022-12-01T09:13:39+00:00\",\"dateModified\":\"2023-09-26T12:46:35+00:00\",\"breadcrumb\":{\"@id\":\"https:\\\/\\\/mag-instal.com\\\/en\\\/privacy-policy-and-cookies\\\/#breadcrumb\"},\"inLanguage\":\"en-US\",\"potentialAction\":[{\"@type\":\"ReadAction\",\"target\":[\"https:\\\/\\\/mag-instal.com\\\/en\\\/privacy-policy-and-cookies\\\/\"]}]},{\"@type\":\"BreadcrumbList\",\"@id\":\"https:\\\/\\\/mag-instal.com\\\/en\\\/privacy-policy-and-cookies\\\/#breadcrumb\",\"itemListElement\":[{\"@type\":\"ListItem\",\"position\":1,\"name\":\"Strona g\u0142\u00f3wna\",\"item\":\"https:\\\/\\\/mag-instal.com\\\/en\\\/\"},{\"@type\":\"ListItem\",\"position\":2,\"name\":\"Privacy Policy and Cookies\"}]},{\"@type\":\"WebSite\",\"@id\":\"https:\\\/\\\/mag-instal.com\\\/#website\",\"url\":\"https:\\\/\\\/mag-instal.com\\\/\",\"name\":\"Mag Instal\",\"description\":\"Kompleksowa i bezpieczna obs\u0142uga system\u00f3w rega\u0142owych\",\"potentialAction\":[{\"@type\":\"SearchAction\",\"target\":{\"@type\":\"EntryPoint\",\"urlTemplate\":\"https:\\\/\\\/mag-instal.com\\\/?s={search_term_string}\"},\"query-input\":{\"@type\":\"PropertyValueSpecification\",\"valueRequired\":true,\"valueName\":\"search_term_string\"}}],\"inLanguage\":\"en-US\"}]}<\/script>\n<!-- \/ Yoast SEO plugin. -->","yoast_head_json":{"title":"Privacy Policy and Cookies - Mag Instal","robots":{"index":"noindex","follow":"nofollow"},"og_locale":"en_US","og_type":"article","og_title":"Privacy Policy and Cookies - Mag Instal","og_description":"Privacy Policy and Cookies Nasza Polityka Prywatno\u015bci okre\u015bla zasady ochrony danych osobowych U\u017cytkownik\u00f3w korzystaj\u0105cych ze\u00a0strony internetowej\u00a0 www.mag-instal.com Administrator o\u015bwiadcza, \u017ce&nbsp;przetwarza dane osobowe U\u017cytkownik\u00f3w zgodnie z&nbsp;(RODO) Rozporz\u0105dzeniem Parlamentu Europejskiego i&nbsp;Rady (UE) 2016\/679 z&nbsp;dnia 27 kwietnia 2016 r. w&nbsp;sprawie ochrony os\u00f3b fizycznych w&nbsp;zwi\u0105zku z&nbsp;przetwarzaniem danych osobowych oraz&nbsp;o&nbsp;swobodnym przep\u0142ywie danych osobowych. Brak akceptacji niniejszej Polityki Prywatno\u015bci umo\u017cliwia korzystanie [&hellip;]","og_url":"https:\/\/mag-instal.com\/en\/privacy-policy-and-cookies\/","og_site_name":"Mag Instal","article_modified_time":"2023-09-26T12:46:35+00:00","twitter_card":"summary_large_image","twitter_misc":{"Est. reading time":"5 minutes"},"schema":{"@context":"https:\/\/schema.org","@graph":[{"@type":"WebPage","@id":"https:\/\/mag-instal.com\/en\/privacy-policy-and-cookies\/","url":"https:\/\/mag-instal.com\/en\/privacy-policy-and-cookies\/","name":"Privacy Policy and Cookies - Mag Instal","isPartOf":{"@id":"https:\/\/mag-instal.com\/#website"},"datePublished":"2022-12-01T09:13:39+00:00","dateModified":"2023-09-26T12:46:35+00:00","breadcrumb":{"@id":"https:\/\/mag-instal.com\/en\/privacy-policy-and-cookies\/#breadcrumb"},"inLanguage":"en-US","potentialAction":[{"@type":"ReadAction","target":["https:\/\/mag-instal.com\/en\/privacy-policy-and-cookies\/"]}]},{"@type":"BreadcrumbList","@id":"https:\/\/mag-instal.com\/en\/privacy-policy-and-cookies\/#breadcrumb","itemListElement":[{"@type":"ListItem","position":1,"name":"Strona g\u0142\u00f3wna","item":"https:\/\/mag-instal.com\/en\/"},{"@type":"ListItem","position":2,"name":"Privacy Policy and Cookies"}]},{"@type":"WebSite","@id":"https:\/\/mag-instal.com\/#website","url":"https:\/\/mag-instal.com\/","name":"Mag Instal","description":"Kompleksowa i bezpieczna obs\u0142uga system\u00f3w rega\u0142owych","potentialAction":[{"@type":"SearchAction","target":{"@type":"EntryPoint","urlTemplate":"https:\/\/mag-instal.com\/?s={search_term_string}"},"query-input":{"@type":"PropertyValueSpecification","valueRequired":true,"valueName":"search_term_string"}}],"inLanguage":"en-US"}]}},"taxonomy_info":[],"featured_image_src_large":false,"author_info":{"display_name":"kreacja","author_link":"https:\/\/mag-instal.com\/en\/author\/kreacja\/"},"comment_info":0,"_links":{"self":[{"href":"https:\/\/mag-instal.com\/en\/wp-json\/wp\/v2\/pages\/615","targetHints":{"allow":["GET"]}}],"collection":[{"href":"https:\/\/mag-instal.com\/en\/wp-json\/wp\/v2\/pages"}],"about":[{"href":"https:\/\/mag-instal.com\/en\/wp-json\/wp\/v2\/types\/page"}],"author":[{"embeddable":true,"href":"https:\/\/mag-instal.com\/en\/wp-json\/wp\/v2\/users\/1"}],"replies":[{"embeddable":true,"href":"https:\/\/mag-instal.com\/en\/wp-json\/wp\/v2\/comments?post=615"}],"version-history":[{"count":3,"href":"https:\/\/mag-instal.com\/en\/wp-json\/wp\/v2\/pages\/615\/revisions"}],"predecessor-version":[{"id":997,"href":"https:\/\/mag-instal.com\/en\/wp-json\/wp\/v2\/pages\/615\/revisions\/997"}],"wp:attachment":[{"href":"https:\/\/mag-instal.com\/en\/wp-json\/wp\/v2\/media?parent=615"}],"curies":[{"name":"wp","href":"https:\/\/api.w.org\/{rel}","templated":true}]}}